{"id":7729,"date":"2025-09-04T12:26:04","date_gmt":"2025-09-04T10:26:04","guid":{"rendered":"https:\/\/www.feriebyenscamping.dk\/?page_id=7729"},"modified":"2025-09-04T16:22:02","modified_gmt":"2025-09-04T14:22:02","slug":"fahrradtouristen","status":"publish","type":"page","link":"https:\/\/www.feriebyenscamping.dk\/de\/fahrradtouristen\/","title":{"rendered":"Fahrradtouristen"},"content":{"rendered":"\t\t<div data-elementor-type=\"wp-page\" data-elementor-id=\"7729\" class=\"elementor elementor-7729 elementor-7665\" data-elementor-post-type=\"page\">\n\t\t\t\t\t\t<section data-particle_enable=\"false\" data-particle-mobile-disabled=\"false\" class=\"elementor-section elementor-top-section elementor-element elementor-element-5a2b901b elementor-section-content-bottom elementor-section-height-min-height elementor-section-boxed elementor-section-height-default elementor-section-items-middle\" data-id=\"5a2b901b\" data-element_type=\"section\" data-e-type=\"section\" data-settings=\"{&quot;background_background&quot;:&quot;classic&quot;}\">\n\t\t\t\t\t\t\t<div class=\"elementor-background-overlay\"><\/div>\n\t\t\t\t\t\t\t<div class=\"elementor-container elementor-column-gap-default\">\n\t\t\t\t\t<div class=\"elementor-column elementor-col-100 elementor-top-column elementor-element elementor-element-5793c12\" data-id=\"5793c12\" data-element_type=\"column\" data-e-type=\"column\">\n\t\t\t<div class=\"elementor-widget-wrap elementor-element-populated\">\n\t\t\t\t\t\t\t<\/div>\n\t\t<\/div>\n\t\t\t\t\t<\/div>\n\t\t<\/section>\n\t\t\t\t<section data-particle_enable=\"false\" data-particle-mobile-disabled=\"false\" class=\"elementor-section elementor-top-section elementor-element elementor-element-22458216 elementor-section-content-top elementor-reverse-mobile elementor-section-boxed elementor-section-height-default elementor-section-height-default\" data-id=\"22458216\" data-element_type=\"section\" data-e-type=\"section\" data-settings=\"{&quot;background_background&quot;:&quot;classic&quot;}\">\n\t\t\t\t\t\t<div class=\"elementor-container elementor-column-gap-default\">\n\t\t\t\t\t<div class=\"elementor-column elementor-col-100 elementor-top-column elementor-element elementor-element-7c157ecf\" data-id=\"7c157ecf\" data-element_type=\"column\" data-e-type=\"column\">\n\t\t\t<div class=\"elementor-widget-wrap elementor-element-populated\">\n\t\t\t\t\t\t<div class=\"elementor-element elementor-element-2c2b360d elementor-widget elementor-widget-heading\" data-id=\"2c2b360d\" data-element_type=\"widget\" data-e-type=\"widget\" data-widget_type=\"heading.default\">\n\t\t\t\t<div class=\"elementor-widget-container\">\n\t\t\t\t\t<h1 class=\"elementor-heading-title elementor-size-default\">F\u00fcr Radfahrer<\/h1>\t\t\t\t<\/div>\n\t\t\t\t<\/div>\n\t\t\t\t<div class=\"elementor-element elementor-element-3685391a elementor-widget elementor-widget-text-editor\" data-id=\"3685391a\" data-element_type=\"widget\" data-e-type=\"widget\" data-widget_type=\"text-editor.default\">\n\t\t\t\t<div class=\"elementor-widget-container\">\n\t\t\t\t\t\t\t\t\t<h4 style=\"text-align: center;\"><strong>Feriebyens Camping in R\u00f8dvig \u2013 der perfekte Zwischenstopp f\u00fcr Radfahrer<\/strong><\/h4><p>Auf dem Feriebyens Camping in R\u00f8dvig finden Sie als Radfahrer alles, was Sie nach einem Tag unterwegs brauchen. Es gibt Platz sowohl f\u00fcr Zeltreisende als auch f\u00fcr alle, die sich in einer gem\u00fctlichen H\u00fctte etwas mehr Komfort w\u00fcnschen.<\/p><p>Mit unserer Lage in der N\u00e4he der wundersch\u00f6nen Stevns Klint und der charmanten Hafenlandschaft von R\u00f8dvig ist Feriebyens Camping die ideale Wahl f\u00fcr Radfahrer, die Wert auf gute Einrichtungen, eine gem\u00fctliche Umgebung und einen herzlichen Empfang legen.<\/p>\t\t\t\t\t\t\t\t<\/div>\n\t\t\t\t<\/div>\n\t\t\t\t\t<\/div>\n\t\t<\/div>\n\t\t\t\t\t<\/div>\n\t\t<\/section>\n\t\t\t\t<section data-particle_enable=\"false\" data-particle-mobile-disabled=\"false\" class=\"elementor-section elementor-top-section elementor-element elementor-element-1a9f1ed9 elementor-section-boxed elementor-section-height-default elementor-section-height-default\" data-id=\"1a9f1ed9\" data-element_type=\"section\" data-e-type=\"section\" data-settings=\"{&quot;background_background&quot;:&quot;classic&quot;}\">\n\t\t\t\t\t\t\t<div class=\"elementor-background-overlay\"><\/div>\n\t\t\t\t\t\t\t<div class=\"elementor-container elementor-column-gap-default\">\n\t\t\t\t\t<div class=\"elementor-column elementor-col-33 elementor-top-column elementor-element elementor-element-3ee09d26\" data-id=\"3ee09d26\" data-element_type=\"column\" data-e-type=\"column\" data-settings=\"{&quot;background_background&quot;:&quot;classic&quot;}\">\n\t\t\t<div class=\"elementor-widget-wrap elementor-element-populated\">\n\t\t\t\t\t\t<div class=\"elementor-element elementor-element-47d51969 elementor-widget elementor-widget-heading\" data-id=\"47d51969\" data-element_type=\"widget\" data-e-type=\"widget\" data-widget_type=\"heading.default\">\n\t\t\t\t<div class=\"elementor-widget-container\">\n\t\t\t\t\t<h3 class=\"elementor-heading-title elementor-size-default\"><a href=\"https:\/\/www.feriebyenscamping.dk\/de\/camping\/#telt\">\u00dcbernachtung im Zelt<\/a><\/h3>\t\t\t\t<\/div>\n\t\t\t\t<\/div>\n\t\t\t\t<div class=\"elementor-element elementor-element-5d3f80e8 elementor-widget elementor-widget-image\" data-id=\"5d3f80e8\" data-element_type=\"widget\" data-e-type=\"widget\" data-widget_type=\"image.default\">\n\t\t\t\t<div class=\"elementor-widget-container\">\n\t\t\t\t\t\t\t\t\t\t\t\t\t\t\t\t<a href=\"https:\/\/www.feriebyenscamping.dk\/de\/camping\/#telt\" target=\"_blank\">\n\t\t\t\t\t\t\t<img fetchpriority=\"high\" decoding=\"async\" width=\"800\" height=\"600\" src=\"https:\/\/www.feriebyenscamping.dk\/wp-content\/uploads\/2025\/09\/Feriebyens-Camping-Telte-1024x768.webp\" class=\"attachment-large size-large wp-image-7591\" alt=\"Feriebyens Camping i R\u00f8dvig | Camping t\u00e6t p\u00e5 strand, skov og klint | Natursk\u00f8nne omgivelser og dyb ro\" srcset=\"https:\/\/www.feriebyenscamping.dk\/wp-content\/uploads\/2025\/09\/Feriebyens-Camping-Telte-1024x768.webp 1024w, https:\/\/www.feriebyenscamping.dk\/wp-content\/uploads\/2025\/09\/Feriebyens-Camping-Telte-300x225.webp 300w, https:\/\/www.feriebyenscamping.dk\/wp-content\/uploads\/2025\/09\/Feriebyens-Camping-Telte-768x576.webp 768w, https:\/\/www.feriebyenscamping.dk\/wp-content\/uploads\/2025\/09\/Feriebyens-Camping-Telte-1536x1152.webp 1536w, https:\/\/www.feriebyenscamping.dk\/wp-content\/uploads\/2025\/09\/Feriebyens-Camping-Telte.webp 2048w\" sizes=\"(max-width: 800px) 100vw, 800px\" \/>\t\t\t\t\t\t\t\t<\/a>\n\t\t\t\t\t\t\t\t\t\t\t\t\t\t\t<\/div>\n\t\t\t\t<\/div>\n\t\t\t\t\t<\/div>\n\t\t<\/div>\n\t\t\t\t<div class=\"elementor-column elementor-col-33 elementor-top-column elementor-element elementor-element-2a2c4bc7\" data-id=\"2a2c4bc7\" data-element_type=\"column\" data-e-type=\"column\" data-settings=\"{&quot;background_background&quot;:&quot;classic&quot;}\">\n\t\t\t<div class=\"elementor-widget-wrap elementor-element-populated\">\n\t\t\t\t\t\t<div class=\"elementor-element elementor-element-2326c617 elementor-widget elementor-widget-heading\" data-id=\"2326c617\" data-element_type=\"widget\" data-e-type=\"widget\" data-widget_type=\"heading.default\">\n\t\t\t\t<div class=\"elementor-widget-container\">\n\t\t\t\t\t<h3 class=\"elementor-heading-title elementor-size-default\"><a href=\"https:\/\/www.feriebyenscamping.dk\/de\/hutten\/\">Unterkunft in einer H\u00fctte<\/a><\/h3>\t\t\t\t<\/div>\n\t\t\t\t<\/div>\n\t\t\t\t<div class=\"elementor-element elementor-element-16f14ea5 elementor-widget elementor-widget-image\" data-id=\"16f14ea5\" data-element_type=\"widget\" data-e-type=\"widget\" data-widget_type=\"image.default\">\n\t\t\t\t<div class=\"elementor-widget-container\">\n\t\t\t\t\t\t\t\t\t\t\t\t\t\t\t\t<a href=\"https:\/\/www.feriebyenscamping.dk\/de\/hutten\/\">\n\t\t\t\t\t\t\t<img decoding=\"async\" width=\"800\" height=\"600\" src=\"https:\/\/www.feriebyenscamping.dk\/wp-content\/uploads\/2025\/09\/Kategori-3-1024x768.webp\" class=\"attachment-large size-large wp-image-7562\" alt=\"Feriebyens Camping i R\u00f8dvig | Camping t\u00e6t p\u00e5 strand, skov og klint | Natursk\u00f8nne omgivelser og dyb ro\" srcset=\"https:\/\/www.feriebyenscamping.dk\/wp-content\/uploads\/2025\/09\/Kategori-3-1024x768.webp 1024w, https:\/\/www.feriebyenscamping.dk\/wp-content\/uploads\/2025\/09\/Kategori-3-300x225.webp 300w, https:\/\/www.feriebyenscamping.dk\/wp-content\/uploads\/2025\/09\/Kategori-3-768x576.webp 768w, https:\/\/www.feriebyenscamping.dk\/wp-content\/uploads\/2025\/09\/Kategori-3.webp 1500w\" sizes=\"(max-width: 800px) 100vw, 800px\" \/>\t\t\t\t\t\t\t\t<\/a>\n\t\t\t\t\t\t\t\t\t\t\t\t\t\t\t<\/div>\n\t\t\t\t<\/div>\n\t\t\t\t\t<\/div>\n\t\t<\/div>\n\t\t\t\t<div class=\"elementor-column elementor-col-33 elementor-top-column elementor-element elementor-element-30de0ed4\" data-id=\"30de0ed4\" data-element_type=\"column\" data-e-type=\"column\" data-settings=\"{&quot;background_background&quot;:&quot;classic&quot;}\">\n\t\t\t<div class=\"elementor-widget-wrap elementor-element-populated\">\n\t\t\t\t\t\t<div class=\"elementor-element elementor-element-42d20b41 elementor-widget elementor-widget-heading\" data-id=\"42d20b41\" data-element_type=\"widget\" data-e-type=\"widget\" data-widget_type=\"heading.default\">\n\t\t\t\t<div class=\"elementor-widget-container\">\n\t\t\t\t\t<h3 class=\"elementor-heading-title elementor-size-default\"><a href=\"#faciliteter\">Einrichtungen <\/a><\/h3>\t\t\t\t<\/div>\n\t\t\t\t<\/div>\n\t\t\t\t<div class=\"elementor-element elementor-element-66f8a3a elementor-widget elementor-widget-image\" data-id=\"66f8a3a\" data-element_type=\"widget\" data-e-type=\"widget\" data-widget_type=\"image.default\">\n\t\t\t\t<div class=\"elementor-widget-container\">\n\t\t\t\t\t\t\t\t\t\t\t\t\t\t\t\t<a href=\"#faciliteter\">\n\t\t\t\t\t\t\t<img decoding=\"async\" width=\"800\" height=\"600\" src=\"https:\/\/www.feriebyenscamping.dk\/wp-content\/uploads\/2025\/09\/Nyt-hus-til-cykelturister-2-1024x768.webp\" class=\"attachment-large size-large wp-image-7670\" alt=\"Feriebyens Camping i R\u00f8dvig | Camping t\u00e6t p\u00e5 strand, skov og klint | Natursk\u00f8nne omgivelser og dyb ro\" srcset=\"https:\/\/www.feriebyenscamping.dk\/wp-content\/uploads\/2025\/09\/Nyt-hus-til-cykelturister-2-1024x768.webp 1024w, https:\/\/www.feriebyenscamping.dk\/wp-content\/uploads\/2025\/09\/Nyt-hus-til-cykelturister-2-300x225.webp 300w, https:\/\/www.feriebyenscamping.dk\/wp-content\/uploads\/2025\/09\/Nyt-hus-til-cykelturister-2-768x576.webp 768w, https:\/\/www.feriebyenscamping.dk\/wp-content\/uploads\/2025\/09\/Nyt-hus-til-cykelturister-2-1536x1152.webp 1536w, https:\/\/www.feriebyenscamping.dk\/wp-content\/uploads\/2025\/09\/Nyt-hus-til-cykelturister-2-2048x1536.webp 2048w\" sizes=\"(max-width: 800px) 100vw, 800px\" \/>\t\t\t\t\t\t\t\t<\/a>\n\t\t\t\t\t\t\t\t\t\t\t\t\t\t\t<\/div>\n\t\t\t\t<\/div>\n\t\t\t\t\t<\/div>\n\t\t<\/div>\n\t\t\t\t\t<\/div>\n\t\t<\/section>\n\t\t\t\t<section data-particle_enable=\"false\" data-particle-mobile-disabled=\"false\" class=\"elementor-section elementor-top-section elementor-element elementor-element-2b3691e elementor-section-height-min-height elementor-section-boxed elementor-section-height-default elementor-section-items-middle\" data-id=\"2b3691e\" data-element_type=\"section\" data-e-type=\"section\">\n\t\t\t\t\t\t\t<div class=\"elementor-background-overlay\"><\/div>\n\t\t\t\t\t\t\t<div class=\"elementor-container elementor-column-gap-default\">\n\t\t\t\t\t<div class=\"elementor-column elementor-col-100 elementor-top-column elementor-element elementor-element-f185ebd\" data-id=\"f185ebd\" data-element_type=\"column\" data-e-type=\"column\">\n\t\t\t<div class=\"elementor-widget-wrap\">\n\t\t\t\t\t\t\t<\/div>\n\t\t<\/div>\n\t\t\t\t\t<\/div>\n\t\t<\/section>\n\t\t\t\t<section data-particle_enable=\"false\" data-particle-mobile-disabled=\"false\" class=\"elementor-section elementor-top-section elementor-element elementor-element-515362d elementor-section-content-top elementor-reverse-mobile elementor-section-boxed elementor-section-height-default elementor-section-height-default\" data-id=\"515362d\" data-element_type=\"section\" data-e-type=\"section\" data-settings=\"{&quot;background_background&quot;:&quot;classic&quot;}\">\n\t\t\t\t\t\t<div class=\"elementor-container elementor-column-gap-default\">\n\t\t\t\t\t<div class=\"elementor-column elementor-col-100 elementor-top-column elementor-element elementor-element-30d86c8\" data-id=\"30d86c8\" data-element_type=\"column\" data-e-type=\"column\">\n\t\t\t<div class=\"elementor-widget-wrap elementor-element-populated\">\n\t\t\t\t\t\t<div class=\"elementor-element elementor-element-62c38d7 elementor-widget elementor-widget-menu-anchor\" data-id=\"62c38d7\" data-element_type=\"widget\" data-e-type=\"widget\" data-widget_type=\"menu-anchor.default\">\n\t\t\t\t<div class=\"elementor-widget-container\">\n\t\t\t\t\t\t\t<div class=\"elementor-menu-anchor\" id=\"faciliteter\"><\/div>\n\t\t\t\t\t\t<\/div>\n\t\t\t\t<\/div>\n\t\t\t\t<div class=\"elementor-element elementor-element-060dbcc elementor-widget elementor-widget-heading\" data-id=\"060dbcc\" data-element_type=\"widget\" data-e-type=\"widget\" data-widget_type=\"heading.default\">\n\t\t\t\t<div class=\"elementor-widget-container\">\n\t\t\t\t\t<h1 class=\"elementor-heading-title elementor-size-default\">Einrichtungen und M\u00f6glichkeiten f\u00fcr Radfahrer <\/h1>\t\t\t\t<\/div>\n\t\t\t\t<\/div>\n\t\t\t\t<div class=\"elementor-element elementor-element-c40777e elementor-widget elementor-widget-text-editor\" data-id=\"c40777e\" data-element_type=\"widget\" data-e-type=\"widget\" data-widget_type=\"text-editor.default\">\n\t\t\t\t<div class=\"elementor-widget-container\">\n\t\t\t\t\t\t\t\t\t<p>Der Campingplatz bietet spezielle Einrichtungen f\u00fcr Radfahrer: eine Lounge zum Entspannen und Kennenlernen anderer Reisender sowie abschlie\u00dfbare Schlie\u00dff\u00e4cher mit Stromanschluss zum sicheren Aufladen von Handy, GPS oder E-Bike-Akku. Moderne Sanit\u00e4ranlagen und eine gut ausgestattete K\u00fcche sorgen f\u00fcr ein leckeres Essen \u2013 oder einfach nur eine wohlverdiente Tasse Kaffee.<\/p><p>Auch das Fr\u00fchst\u00fcck kommt nicht zu kurz: T\u00e4glich k\u00f6nnen Sie frisch gebackenes Brot bestellen, und in den Sommermonaten gibt es die M\u00f6glichkeit, an einem leckeren Fr\u00fchst\u00fccksbuffet teilzunehmen, das Ihnen Energie f\u00fcr die Tagesetappen gibt.<\/p>\t\t\t\t\t\t\t\t<\/div>\n\t\t\t\t<\/div>\n\t\t\t\t<div class=\"elementor-element elementor-element-7263769 elementor-widget elementor-widget-gallery\" data-id=\"7263769\" data-element_type=\"widget\" data-e-type=\"widget\" data-settings=\"{&quot;columns_tablet&quot;:3,&quot;aspect_ratio&quot;:&quot;4:3&quot;,&quot;lazyload&quot;:&quot;yes&quot;,&quot;gallery_layout&quot;:&quot;grid&quot;,&quot;columns&quot;:4,&quot;columns_mobile&quot;:1,&quot;gap&quot;:{&quot;unit&quot;:&quot;px&quot;,&quot;size&quot;:10,&quot;sizes&quot;:[]},&quot;gap_tablet&quot;:{&quot;unit&quot;:&quot;px&quot;,&quot;size&quot;:10,&quot;sizes&quot;:[]},&quot;gap_mobile&quot;:{&quot;unit&quot;:&quot;px&quot;,&quot;size&quot;:10,&quot;sizes&quot;:[]},&quot;link_to&quot;:&quot;file&quot;,&quot;overlay_background&quot;:&quot;yes&quot;,&quot;content_hover_animation&quot;:&quot;fade-in&quot;}\" data-widget_type=\"gallery.default\">\n\t\t\t\t<div class=\"elementor-widget-container\">\n\t\t\t\t\t\t\t<div class=\"elementor-gallery__container\">\n\t\t\t\t\t\t\t<a class=\"e-gallery-item elementor-gallery-item elementor-animated-content\" href=\"https:\/\/www.feriebyenscamping.dk\/wp-content\/uploads\/2025\/03\/Roedvig-Ferieby-Morgenmad.jpg\" data-elementor-open-lightbox=\"yes\" data-elementor-lightbox-slideshow=\"7263769\" data-elementor-lightbox-title=\"R\u00f8dvig Ferieby I Morgenmadsbuffet I Feriebyens Camping\" data-e-action-hash=\"#elementor-action%3Aaction%3Dlightbox%26settings%3DeyJpZCI6NzI2NSwidXJsIjoiaHR0cHM6XC9cL3d3dy5mZXJpZWJ5ZW5zY2FtcGluZy5ka1wvd3AtY29udGVudFwvdXBsb2Fkc1wvMjAyNVwvMDNcL1JvZWR2aWctRmVyaWVieS1Nb3JnZW5tYWQuanBnIiwic2xpZGVzaG93IjoiNzI2Mzc2OSJ9\">\n\t\t\t\t\t<div class=\"e-gallery-image elementor-gallery-item__image\" data-thumbnail=\"https:\/\/www.feriebyenscamping.dk\/wp-content\/uploads\/2025\/03\/Roedvig-Ferieby-Morgenmad.jpg\" data-width=\"2000\" data-height=\"1253\" aria-label=\"Feriebyens Camping i R\u00f8dvig | Camping t\u00e6t p\u00e5 strand, skov og klint | Natursk\u00f8nne omgivelser og dyb ro\" role=\"img\" ><\/div>\n\t\t\t\t\t\t\t\t\t\t\t<div class=\"elementor-gallery-item__overlay\"><\/div>\n\t\t\t\t\t\t\t\t\t\t\t\t\t\t<\/a>\n\t\t\t\t\t\t\t<a class=\"e-gallery-item elementor-gallery-item elementor-animated-content\" href=\"https:\/\/www.feriebyenscamping.dk\/wp-content\/uploads\/2025\/09\/Blomster-Feriebyens-Camping-1-scaled.webp\" data-elementor-open-lightbox=\"yes\" data-elementor-lightbox-slideshow=\"7263769\" data-elementor-lightbox-title=\"Blomster p\u00e5 Feriebyens Camping\" data-e-action-hash=\"#elementor-action%3Aaction%3Dlightbox%26settings%3DeyJpZCI6NzY4MywidXJsIjoiaHR0cHM6XC9cL3d3dy5mZXJpZWJ5ZW5zY2FtcGluZy5ka1wvd3AtY29udGVudFwvdXBsb2Fkc1wvMjAyNVwvMDlcL0Jsb21zdGVyLUZlcmllYnllbnMtQ2FtcGluZy0xLXNjYWxlZC53ZWJwIiwic2xpZGVzaG93IjoiNzI2Mzc2OSJ9\">\n\t\t\t\t\t<div class=\"e-gallery-image elementor-gallery-item__image\" data-thumbnail=\"https:\/\/www.feriebyenscamping.dk\/wp-content\/uploads\/2025\/09\/Blomster-Feriebyens-Camping-1-scaled.webp\" data-width=\"2560\" data-height=\"1707\" aria-label=\"Feriebyens Camping i R\u00f8dvig | Camping t\u00e6t p\u00e5 strand, skov og klint | Natursk\u00f8nne omgivelser og dyb ro\" role=\"img\" ><\/div>\n\t\t\t\t\t\t\t\t\t\t\t<div class=\"elementor-gallery-item__overlay\"><\/div>\n\t\t\t\t\t\t\t\t\t\t\t\t\t\t<\/a>\n\t\t\t\t\t\t\t<a class=\"e-gallery-item elementor-gallery-item elementor-animated-content\" href=\"https:\/\/www.feriebyenscamping.dk\/wp-content\/uploads\/2024\/06\/Feirbyens-Camping-reception-og-kiosk.jpg\" data-elementor-open-lightbox=\"yes\" data-elementor-lightbox-slideshow=\"7263769\" data-elementor-lightbox-title=\"Feirbyens Camping - reception og kiosk\" data-e-action-hash=\"#elementor-action%3Aaction%3Dlightbox%26settings%3DeyJpZCI6NjY1OSwidXJsIjoiaHR0cHM6XC9cL3d3dy5mZXJpZWJ5ZW5zY2FtcGluZy5ka1wvd3AtY29udGVudFwvdXBsb2Fkc1wvMjAyNFwvMDZcL0ZlaXJieWVucy1DYW1waW5nLXJlY2VwdGlvbi1vZy1raW9zay5qcGciLCJzbGlkZXNob3ciOiI3MjYzNzY5In0%3D\">\n\t\t\t\t\t<div class=\"e-gallery-image elementor-gallery-item__image\" data-thumbnail=\"https:\/\/www.feriebyenscamping.dk\/wp-content\/uploads\/2024\/06\/Feirbyens-Camping-reception-og-kiosk.jpg\" data-width=\"1440\" data-height=\"1080\" aria-label=\"Feriebyens Camping i R\u00f8dvig | Camping t\u00e6t p\u00e5 strand, skov og klint | Natursk\u00f8nne omgivelser og dyb ro\" role=\"img\" ><\/div>\n\t\t\t\t\t\t\t\t\t\t\t<div class=\"elementor-gallery-item__overlay\"><\/div>\n\t\t\t\t\t\t\t\t\t\t\t\t\t\t<\/a>\n\t\t\t\t\t\t\t<a class=\"e-gallery-item elementor-gallery-item elementor-animated-content\" href=\"https:\/\/www.feriebyenscamping.dk\/wp-content\/uploads\/2025\/09\/Nyt-hus-til-cykelturister-2.webp\" data-elementor-open-lightbox=\"yes\" data-elementor-lightbox-slideshow=\"7263769\" data-elementor-lightbox-title=\"Opholdsrum til cykelturister p\u00e5 Feriebyens Camping\" data-e-action-hash=\"#elementor-action%3Aaction%3Dlightbox%26settings%3DeyJpZCI6NzY2OCwidXJsIjoiaHR0cHM6XC9cL3d3dy5mZXJpZWJ5ZW5zY2FtcGluZy5ka1wvd3AtY29udGVudFwvdXBsb2Fkc1wvMjAyNVwvMDlcL055dC1odXMtdGlsLWN5a2VsdHVyaXN0ZXItMi53ZWJwIiwic2xpZGVzaG93IjoiNzI2Mzc2OSJ9\">\n\t\t\t\t\t<div class=\"e-gallery-image elementor-gallery-item__image\" data-thumbnail=\"https:\/\/www.feriebyenscamping.dk\/wp-content\/uploads\/2025\/09\/Nyt-hus-til-cykelturister-2.webp\" data-width=\"2500\" data-height=\"1875\" aria-label=\"Feriebyens Camping i R\u00f8dvig | Camping t\u00e6t p\u00e5 strand, skov og klint | Natursk\u00f8nne omgivelser og dyb ro\" role=\"img\" ><\/div>\n\t\t\t\t\t\t\t\t\t\t\t<div class=\"elementor-gallery-item__overlay\"><\/div>\n\t\t\t\t\t\t\t\t\t\t\t\t\t\t<\/a>\n\t\t\t\t\t\t\t<a class=\"e-gallery-item elementor-gallery-item elementor-animated-content\" href=\"https:\/\/www.feriebyenscamping.dk\/wp-content\/uploads\/2025\/09\/Nyt-hus-til-cykelturister-3-scaled.jpg\" data-elementor-open-lightbox=\"yes\" data-elementor-lightbox-slideshow=\"7263769\" data-elementor-lightbox-title=\"Opholdsrum til cykelturister p\u00e5 Feriebyens Camping\" data-e-action-hash=\"#elementor-action%3Aaction%3Dlightbox%26settings%3DeyJpZCI6NzY3MSwidXJsIjoiaHR0cHM6XC9cL3d3dy5mZXJpZWJ5ZW5zY2FtcGluZy5ka1wvd3AtY29udGVudFwvdXBsb2Fkc1wvMjAyNVwvMDlcL055dC1odXMtdGlsLWN5a2VsdHVyaXN0ZXItMy1zY2FsZWQuanBnIiwic2xpZGVzaG93IjoiNzI2Mzc2OSJ9\">\n\t\t\t\t\t<div class=\"e-gallery-image elementor-gallery-item__image\" data-thumbnail=\"https:\/\/www.feriebyenscamping.dk\/wp-content\/uploads\/2025\/09\/Nyt-hus-til-cykelturister-3-scaled.jpg\" data-width=\"1920\" data-height=\"2560\" aria-label=\"Feriebyens Camping i R\u00f8dvig | Camping t\u00e6t p\u00e5 strand, skov og klint | Natursk\u00f8nne omgivelser og dyb ro\" role=\"img\" ><\/div>\n\t\t\t\t\t\t\t\t\t\t\t<div class=\"elementor-gallery-item__overlay\"><\/div>\n\t\t\t\t\t\t\t\t\t\t\t\t\t\t<\/a>\n\t\t\t\t\t\t\t<a class=\"e-gallery-item elementor-gallery-item elementor-animated-content\" href=\"https:\/\/www.feriebyenscamping.dk\/wp-content\/uploads\/2025\/09\/Nyt-hus-til-cykelturister-4-scaled.webp\" data-elementor-open-lightbox=\"yes\" data-elementor-lightbox-slideshow=\"7263769\" data-elementor-lightbox-title=\"Opholdsrum til cykelturister p\u00e5 Feriebyens Camping\" data-e-action-hash=\"#elementor-action%3Aaction%3Dlightbox%26settings%3DeyJpZCI6NzY4MCwidXJsIjoiaHR0cHM6XC9cL3d3dy5mZXJpZWJ5ZW5zY2FtcGluZy5ka1wvd3AtY29udGVudFwvdXBsb2Fkc1wvMjAyNVwvMDlcL055dC1odXMtdGlsLWN5a2VsdHVyaXN0ZXItNC1zY2FsZWQud2VicCIsInNsaWRlc2hvdyI6IjcyNjM3NjkifQ%3D%3D\">\n\t\t\t\t\t<div class=\"e-gallery-image elementor-gallery-item__image\" data-thumbnail=\"https:\/\/www.feriebyenscamping.dk\/wp-content\/uploads\/2025\/09\/Nyt-hus-til-cykelturister-4-scaled.webp\" data-width=\"1920\" data-height=\"2560\" aria-label=\"Feriebyens Camping i R\u00f8dvig | Camping t\u00e6t p\u00e5 strand, skov og klint | Natursk\u00f8nne omgivelser og dyb ro\" role=\"img\" ><\/div>\n\t\t\t\t\t\t\t\t\t\t\t<div class=\"elementor-gallery-item__overlay\"><\/div>\n\t\t\t\t\t\t\t\t\t\t\t\t\t\t<\/a>\n\t\t\t\t\t\t\t<a class=\"e-gallery-item elementor-gallery-item elementor-animated-content\" href=\"https:\/\/www.feriebyenscamping.dk\/wp-content\/uploads\/2025\/09\/Nyt-vaskerum-Feriebyens-Camping.webp\" data-elementor-open-lightbox=\"yes\" data-elementor-lightbox-slideshow=\"7263769\" data-elementor-lightbox-title=\"Vaskerum p\u00e5 Feriebyens Camping\" data-e-action-hash=\"#elementor-action%3Aaction%3Dlightbox%26settings%3DeyJpZCI6NzY3NCwidXJsIjoiaHR0cHM6XC9cL3d3dy5mZXJpZWJ5ZW5zY2FtcGluZy5ka1wvd3AtY29udGVudFwvdXBsb2Fkc1wvMjAyNVwvMDlcL055dC12YXNrZXJ1bS1GZXJpZWJ5ZW5zLUNhbXBpbmcud2VicCIsInNsaWRlc2hvdyI6IjcyNjM3NjkifQ%3D%3D\">\n\t\t\t\t\t<div class=\"e-gallery-image elementor-gallery-item__image\" data-thumbnail=\"https:\/\/www.feriebyenscamping.dk\/wp-content\/uploads\/2025\/09\/Nyt-vaskerum-Feriebyens-Camping.webp\" data-width=\"2500\" data-height=\"1875\" aria-label=\"Feriebyens Camping i R\u00f8dvig | Camping t\u00e6t p\u00e5 strand, skov og klint | Natursk\u00f8nne omgivelser og dyb ro\" role=\"img\" ><\/div>\n\t\t\t\t\t\t\t\t\t\t\t<div class=\"elementor-gallery-item__overlay\"><\/div>\n\t\t\t\t\t\t\t\t\t\t\t\t\t\t<\/a>\n\t\t\t\t\t\t\t<a class=\"e-gallery-item elementor-gallery-item elementor-animated-content\" href=\"https:\/\/www.feriebyenscamping.dk\/wp-content\/uploads\/2025\/09\/Skabe-med-oplader-Cykelturister-Feriebyens-Camping--scaled.webp\" data-elementor-open-lightbox=\"yes\" data-elementor-lightbox-slideshow=\"7263769\" data-elementor-lightbox-title=\"Skabe med oplader til cykelturister p\u00e5 Feriebyens Camping\" data-e-action-hash=\"#elementor-action%3Aaction%3Dlightbox%26settings%3DeyJpZCI6NzY3NywidXJsIjoiaHR0cHM6XC9cL3d3dy5mZXJpZWJ5ZW5zY2FtcGluZy5ka1wvd3AtY29udGVudFwvdXBsb2Fkc1wvMjAyNVwvMDlcL1NrYWJlLW1lZC1vcGxhZGVyLUN5a2VsdHVyaXN0ZXItRmVyaWVieWVucy1DYW1waW5nLS1zY2FsZWQud2VicCIsInNsaWRlc2hvdyI6IjcyNjM3NjkifQ%3D%3D\">\n\t\t\t\t\t<div class=\"e-gallery-image elementor-gallery-item__image\" data-thumbnail=\"https:\/\/www.feriebyenscamping.dk\/wp-content\/uploads\/2025\/09\/Skabe-med-oplader-Cykelturister-Feriebyens-Camping--scaled.webp\" data-width=\"1920\" data-height=\"2560\" aria-label=\"Feriebyens Camping i R\u00f8dvig | Camping t\u00e6t p\u00e5 strand, skov og klint | Natursk\u00f8nne omgivelser og dyb ro\" role=\"img\" ><\/div>\n\t\t\t\t\t\t\t\t\t\t\t<div class=\"elementor-gallery-item__overlay\"><\/div>\n\t\t\t\t\t\t\t\t\t\t\t\t\t\t<\/a>\n\t\t\t\t\t\t\t<a class=\"e-gallery-item elementor-gallery-item elementor-animated-content\" href=\"https:\/\/www.feriebyenscamping.dk\/wp-content\/uploads\/2025\/09\/Teltplads-skilt-1.webp\" data-elementor-open-lightbox=\"yes\" data-elementor-lightbox-slideshow=\"7263769\" data-elementor-lightbox-title=\"Teltplads p\u00e5 Feriebyens Camping [skilt]\" data-e-action-hash=\"#elementor-action%3Aaction%3Dlightbox%26settings%3DeyJpZCI6NzY4OSwidXJsIjoiaHR0cHM6XC9cL3d3dy5mZXJpZWJ5ZW5zY2FtcGluZy5ka1wvd3AtY29udGVudFwvdXBsb2Fkc1wvMjAyNVwvMDlcL1RlbHRwbGFkcy1za2lsdC0xLndlYnAiLCJzbGlkZXNob3ciOiI3MjYzNzY5In0%3D\">\n\t\t\t\t\t<div class=\"e-gallery-image elementor-gallery-item__image\" data-thumbnail=\"https:\/\/www.feriebyenscamping.dk\/wp-content\/uploads\/2025\/09\/Teltplads-skilt-1.webp\" data-width=\"2500\" data-height=\"1667\" aria-label=\"Feriebyens Camping i R\u00f8dvig | Camping t\u00e6t p\u00e5 strand, skov og klint | Natursk\u00f8nne omgivelser og dyb ro\" role=\"img\" ><\/div>\n\t\t\t\t\t\t\t\t\t\t\t<div class=\"elementor-gallery-item__overlay\"><\/div>\n\t\t\t\t\t\t\t\t\t\t\t\t\t\t<\/a>\n\t\t\t\t\t\t\t<a class=\"e-gallery-item elementor-gallery-item elementor-animated-content\" href=\"https:\/\/www.feriebyenscamping.dk\/wp-content\/uploads\/2024\/06\/Feriebyens-Camping-Sommervarme-scaled.jpg\" data-elementor-open-lightbox=\"yes\" data-elementor-lightbox-slideshow=\"7263769\" data-elementor-lightbox-title=\"Feriebyens Camping - Sommervarme\" data-e-action-hash=\"#elementor-action%3Aaction%3Dlightbox%26settings%3DeyJpZCI6NjYzMSwidXJsIjoiaHR0cHM6XC9cL3d3dy5mZXJpZWJ5ZW5zY2FtcGluZy5ka1wvd3AtY29udGVudFwvdXBsb2Fkc1wvMjAyNFwvMDZcL0ZlcmllYnllbnMtQ2FtcGluZy1Tb21tZXJ2YXJtZS1zY2FsZWQuanBnIiwic2xpZGVzaG93IjoiNzI2Mzc2OSJ9\">\n\t\t\t\t\t<div class=\"e-gallery-image elementor-gallery-item__image\" data-thumbnail=\"https:\/\/www.feriebyenscamping.dk\/wp-content\/uploads\/2024\/06\/Feriebyens-Camping-Sommervarme-scaled.jpg\" data-width=\"2560\" data-height=\"1707\" aria-label=\"Feriebyens Camping i R\u00f8dvig | Camping t\u00e6t p\u00e5 strand, skov og klint | Natursk\u00f8nne omgivelser og dyb ro\" role=\"img\" ><\/div>\n\t\t\t\t\t\t\t\t\t\t\t<div class=\"elementor-gallery-item__overlay\"><\/div>\n\t\t\t\t\t\t\t\t\t\t\t\t\t\t<\/a>\n\t\t\t\t\t\t\t<a class=\"e-gallery-item elementor-gallery-item elementor-animated-content\" href=\"https:\/\/www.feriebyenscamping.dk\/wp-content\/uploads\/2024\/06\/Feriebyens-Camping-Hybenrose-scaled.jpg\" data-elementor-open-lightbox=\"yes\" data-elementor-lightbox-slideshow=\"7263769\" data-elementor-lightbox-title=\"Feriebyens Camping - Hybenrose\" data-e-action-hash=\"#elementor-action%3Aaction%3Dlightbox%26settings%3DeyJpZCI6NjYyMiwidXJsIjoiaHR0cHM6XC9cL3d3dy5mZXJpZWJ5ZW5zY2FtcGluZy5ka1wvd3AtY29udGVudFwvdXBsb2Fkc1wvMjAyNFwvMDZcL0ZlcmllYnllbnMtQ2FtcGluZy1IeWJlbnJvc2Utc2NhbGVkLmpwZyIsInNsaWRlc2hvdyI6IjcyNjM3NjkifQ%3D%3D\">\n\t\t\t\t\t<div class=\"e-gallery-image elementor-gallery-item__image\" data-thumbnail=\"https:\/\/www.feriebyenscamping.dk\/wp-content\/uploads\/2024\/06\/Feriebyens-Camping-Hybenrose-scaled.jpg\" data-width=\"2560\" data-height=\"1707\" aria-label=\"Feriebyens Camping i R\u00f8dvig | Camping t\u00e6t p\u00e5 strand, skov og klint | Natursk\u00f8nne omgivelser og dyb ro\" role=\"img\" ><\/div>\n\t\t\t\t\t\t\t\t\t\t\t<div class=\"elementor-gallery-item__overlay\"><\/div>\n\t\t\t\t\t\t\t\t\t\t\t\t\t\t<\/a>\n\t\t\t\t\t\t\t<a class=\"e-gallery-item elementor-gallery-item elementor-animated-content\" href=\"https:\/\/www.feriebyenscamping.dk\/wp-content\/uploads\/2024\/06\/Sjov-for-boern-paa-Feriebyens-Camping-.jpg\" data-elementor-open-lightbox=\"yes\" data-elementor-lightbox-slideshow=\"7263769\" data-elementor-lightbox-title=\"Sjov for b\u00f8rn pa\u030a Feriebyens Camping\" data-e-action-hash=\"#elementor-action%3Aaction%3Dlightbox%26settings%3DeyJpZCI6NjU3MywidXJsIjoiaHR0cHM6XC9cL3d3dy5mZXJpZWJ5ZW5zY2FtcGluZy5ka1wvd3AtY29udGVudFwvdXBsb2Fkc1wvMjAyNFwvMDZcL1Nqb3YtZm9yLWJvZXJuLXBhYS1GZXJpZWJ5ZW5zLUNhbXBpbmctLmpwZyIsInNsaWRlc2hvdyI6IjcyNjM3NjkifQ%3D%3D\">\n\t\t\t\t\t<div class=\"e-gallery-image elementor-gallery-item__image\" data-thumbnail=\"https:\/\/www.feriebyenscamping.dk\/wp-content\/uploads\/2024\/06\/Sjov-for-boern-paa-Feriebyens-Camping-.jpg\" data-width=\"1440\" data-height=\"1080\" aria-label=\"Feriebyens Camping i R\u00f8dvig | Camping t\u00e6t p\u00e5 strand, skov og klint | Natursk\u00f8nne omgivelser og dyb ro\" role=\"img\" ><\/div>\n\t\t\t\t\t\t\t\t\t\t\t<div class=\"elementor-gallery-item__overlay\"><\/div>\n\t\t\t\t\t\t\t\t\t\t\t\t\t\t<\/a>\n\t\t\t\t\t<\/div>\n\t\t\t\t\t<\/div>\n\t\t\t\t<\/div>\n\t\t\t\t\t<\/div>\n\t\t<\/div>\n\t\t\t\t\t<\/div>\n\t\t<\/section>\n\t\t\t\t<\/div>\n\t\t","protected":false},"excerpt":{"rendered":"<p>F\u00fcr Radfahrer Feriebyens Camping in R\u00f8dvig \u2013 der perfekte Zwischenstopp f\u00fcr Radfahrer Auf dem Feriebyens Camping in R\u00f8dvig finden Sie als Radfahrer alles, was Sie nach einem Tag unterwegs brauchen. Es gibt Platz sowohl f\u00fcr Zeltreisende als auch f\u00fcr alle, die sich in einer gem\u00fctlichen H\u00fctte etwas mehr Komfort w\u00fcnschen. Mit unserer Lage in der [&hellip;]<\/p>\n","protected":false},"author":1,"featured_media":5247,"parent":0,"menu_order":0,"comment_status":"closed","ping_status":"closed","template":"elementor_header_footer","meta":{"footnotes":""},"class_list":["post-7729","page","type-page","status-publish","has-post-thumbnail","hentry"],"yoast_head":"<!-- This site is optimized with the Yoast SEO plugin v27.5 - https:\/\/yoast.com\/product\/yoast-seo-wordpress\/ -->\n<title>Feriebyens Camping er perfekt til dig, som er p\u00e5 cykelferie<\/title>\n<meta name=\"description\" content=\"Til dig, som er cykelturist. Vi har teltpladser, hytter, l\u00e6kre baderum, opholdsrum, k\u00f8kken og mulighed for morgenmad (om sommeren).\" \/>\n<meta name=\"robots\" content=\"index, follow, max-snippet:-1, max-image-preview:large, max-video-preview:-1\" \/>\n<link rel=\"canonical\" href=\"https:\/\/www.feriebyenscamping.dk\/de\/fahrradtouristen\/\" \/>\n<meta property=\"og:locale\" content=\"de_DE\" \/>\n<meta property=\"og:type\" content=\"article\" \/>\n<meta property=\"og:title\" content=\"Feriebyens Camping er perfekt til dig, som er p\u00e5 cykelferie\" \/>\n<meta property=\"og:description\" content=\"Til dig, som er cykelturist. Vi har teltpladser, hytter, l\u00e6kre baderum, opholdsrum, k\u00f8kken og mulighed for morgenmad (om sommeren).\" \/>\n<meta property=\"og:url\" content=\"https:\/\/www.feriebyenscamping.dk\/de\/fahrradtouristen\/\" \/>\n<meta property=\"og:site_name\" content=\"Feriebyens Camping\" \/>\n<meta property=\"article:publisher\" content=\"https:\/\/www.facebook.com\/roedvigferieby\" \/>\n<meta property=\"article:modified_time\" content=\"2025-09-04T14:22:02+00:00\" \/>\n<meta property=\"og:image\" content=\"https:\/\/www.feriebyenscamping.dk\/wp-content\/uploads\/2024\/01\/Cykelferie-paa-Stevns-Roedvig-Ferieby.webp\" \/>\n\t<meta property=\"og:image:width\" content=\"1600\" \/>\n\t<meta property=\"og:image:height\" content=\"1067\" \/>\n\t<meta property=\"og:image:type\" content=\"image\/webp\" \/>\n<meta name=\"twitter:card\" content=\"summary_large_image\" \/>\n<meta name=\"twitter:label1\" content=\"Gesch\u00e4tzte Lesezeit\" \/>\n\t<meta name=\"twitter:data1\" content=\"2\u00a0Minuten\" \/>\n<script type=\"application\/ld+json\" class=\"yoast-schema-graph\">{\"@context\":\"https:\\\/\\\/schema.org\",\"@graph\":[{\"@type\":\"WebPage\",\"@id\":\"https:\\\/\\\/www.feriebyenscamping.dk\\\/de\\\/fahrradtouristen\\\/\",\"url\":\"https:\\\/\\\/www.feriebyenscamping.dk\\\/de\\\/fahrradtouristen\\\/\",\"name\":\"Feriebyens Camping er perfekt til dig, som er p\u00e5 cykelferie\",\"isPartOf\":{\"@id\":\"https:\\\/\\\/www.feriebyenscamping.dk\\\/de\\\/#website\"},\"primaryImageOfPage\":{\"@id\":\"https:\\\/\\\/www.feriebyenscamping.dk\\\/de\\\/fahrradtouristen\\\/#primaryimage\"},\"image\":{\"@id\":\"https:\\\/\\\/www.feriebyenscamping.dk\\\/de\\\/fahrradtouristen\\\/#primaryimage\"},\"thumbnailUrl\":\"https:\\\/\\\/www.feriebyenscamping.dk\\\/wp-content\\\/uploads\\\/2024\\\/01\\\/Cykelferie-paa-Stevns-Roedvig-Ferieby.webp\",\"datePublished\":\"2025-09-04T10:26:04+00:00\",\"dateModified\":\"2025-09-04T14:22:02+00:00\",\"description\":\"Til dig, som er cykelturist. Vi har teltpladser, hytter, l\u00e6kre baderum, opholdsrum, k\u00f8kken og mulighed for morgenmad (om sommeren).\",\"breadcrumb\":{\"@id\":\"https:\\\/\\\/www.feriebyenscamping.dk\\\/de\\\/fahrradtouristen\\\/#breadcrumb\"},\"inLanguage\":\"de\",\"potentialAction\":[{\"@type\":\"ReadAction\",\"target\":[\"https:\\\/\\\/www.feriebyenscamping.dk\\\/de\\\/fahrradtouristen\\\/\"]}]},{\"@type\":\"ImageObject\",\"inLanguage\":\"de\",\"@id\":\"https:\\\/\\\/www.feriebyenscamping.dk\\\/de\\\/fahrradtouristen\\\/#primaryimage\",\"url\":\"https:\\\/\\\/www.feriebyenscamping.dk\\\/wp-content\\\/uploads\\\/2024\\\/01\\\/Cykelferie-paa-Stevns-Roedvig-Ferieby.webp\",\"contentUrl\":\"https:\\\/\\\/www.feriebyenscamping.dk\\\/wp-content\\\/uploads\\\/2024\\\/01\\\/Cykelferie-paa-Stevns-Roedvig-Ferieby.webp\",\"width\":1600,\"height\":1067,\"caption\":\"Feriebyens Camping i R\u00f8dvig I Ferie i natursk\u00f8nne omgivelser I T\u00e6t ved Stevns Klint\"},{\"@type\":\"BreadcrumbList\",\"@id\":\"https:\\\/\\\/www.feriebyenscamping.dk\\\/de\\\/fahrradtouristen\\\/#breadcrumb\",\"itemListElement\":[{\"@type\":\"ListItem\",\"position\":1,\"name\":\"Hjem\",\"item\":\"https:\\\/\\\/www.feriebyenscamping.dk\\\/de\\\/\"},{\"@type\":\"ListItem\",\"position\":2,\"name\":\"Fahrradtouristen\"}]},{\"@type\":\"WebSite\",\"@id\":\"https:\\\/\\\/www.feriebyenscamping.dk\\\/de\\\/#website\",\"url\":\"https:\\\/\\\/www.feriebyenscamping.dk\\\/de\\\/\",\"name\":\"Feriebyens Camping\",\"description\":\"Camping i R\u00f8dvig I Stevns Klint\",\"publisher\":{\"@id\":\"https:\\\/\\\/www.feriebyenscamping.dk\\\/de\\\/#organization\"},\"potentialAction\":[{\"@type\":\"SearchAction\",\"target\":{\"@type\":\"EntryPoint\",\"urlTemplate\":\"https:\\\/\\\/www.feriebyenscamping.dk\\\/de\\\/?s={search_term_string}\"},\"query-input\":{\"@type\":\"PropertyValueSpecification\",\"valueRequired\":true,\"valueName\":\"search_term_string\"}}],\"inLanguage\":\"de\"},{\"@type\":\"Organization\",\"@id\":\"https:\\\/\\\/www.feriebyenscamping.dk\\\/de\\\/#organization\",\"name\":\"Feriebyens Camping\",\"url\":\"https:\\\/\\\/www.feriebyenscamping.dk\\\/de\\\/\",\"logo\":{\"@type\":\"ImageObject\",\"inLanguage\":\"de\",\"@id\":\"https:\\\/\\\/www.feriebyenscamping.dk\\\/de\\\/#\\\/schema\\\/logo\\\/image\\\/\",\"url\":\"https:\\\/\\\/www.feriebyenscamping.dk\\\/wp-content\\\/uploads\\\/2022\\\/11\\\/RF-LOGO.png\",\"contentUrl\":\"https:\\\/\\\/www.feriebyenscamping.dk\\\/wp-content\\\/uploads\\\/2022\\\/11\\\/RF-LOGO.png\",\"width\":700,\"height\":250,\"caption\":\"Feriebyens Camping\"},\"image\":{\"@id\":\"https:\\\/\\\/www.feriebyenscamping.dk\\\/de\\\/#\\\/schema\\\/logo\\\/image\\\/\"},\"sameAs\":[\"https:\\\/\\\/www.facebook.com\\\/roedvigferieby\",\"https:\\\/\\\/www.instagram.com\\\/roedvigferieby\\\/\"]}]}<\/script>\n<!-- \/ Yoast SEO plugin. -->","yoast_head_json":{"title":"Feriebyens Camping er perfekt til dig, som er p\u00e5 cykelferie","description":"Til dig, som er cykelturist. Vi har teltpladser, hytter, l\u00e6kre baderum, opholdsrum, k\u00f8kken og mulighed for morgenmad (om sommeren).","robots":{"index":"index","follow":"follow","max-snippet":"max-snippet:-1","max-image-preview":"max-image-preview:large","max-video-preview":"max-video-preview:-1"},"canonical":"https:\/\/www.feriebyenscamping.dk\/de\/fahrradtouristen\/","og_locale":"de_DE","og_type":"article","og_title":"Feriebyens Camping er perfekt til dig, som er p\u00e5 cykelferie","og_description":"Til dig, som er cykelturist. Vi har teltpladser, hytter, l\u00e6kre baderum, opholdsrum, k\u00f8kken og mulighed for morgenmad (om sommeren).","og_url":"https:\/\/www.feriebyenscamping.dk\/de\/fahrradtouristen\/","og_site_name":"Feriebyens Camping","article_publisher":"https:\/\/www.facebook.com\/roedvigferieby","article_modified_time":"2025-09-04T14:22:02+00:00","og_image":[{"width":1600,"height":1067,"url":"https:\/\/www.feriebyenscamping.dk\/wp-content\/uploads\/2024\/01\/Cykelferie-paa-Stevns-Roedvig-Ferieby.webp","type":"image\/webp"}],"twitter_card":"summary_large_image","twitter_misc":{"Gesch\u00e4tzte Lesezeit":"2\u00a0Minuten"},"schema":{"@context":"https:\/\/schema.org","@graph":[{"@type":"WebPage","@id":"https:\/\/www.feriebyenscamping.dk\/de\/fahrradtouristen\/","url":"https:\/\/www.feriebyenscamping.dk\/de\/fahrradtouristen\/","name":"Feriebyens Camping er perfekt til dig, som er p\u00e5 cykelferie","isPartOf":{"@id":"https:\/\/www.feriebyenscamping.dk\/de\/#website"},"primaryImageOfPage":{"@id":"https:\/\/www.feriebyenscamping.dk\/de\/fahrradtouristen\/#primaryimage"},"image":{"@id":"https:\/\/www.feriebyenscamping.dk\/de\/fahrradtouristen\/#primaryimage"},"thumbnailUrl":"https:\/\/www.feriebyenscamping.dk\/wp-content\/uploads\/2024\/01\/Cykelferie-paa-Stevns-Roedvig-Ferieby.webp","datePublished":"2025-09-04T10:26:04+00:00","dateModified":"2025-09-04T14:22:02+00:00","description":"Til dig, som er cykelturist. Vi har teltpladser, hytter, l\u00e6kre baderum, opholdsrum, k\u00f8kken og mulighed for morgenmad (om sommeren).","breadcrumb":{"@id":"https:\/\/www.feriebyenscamping.dk\/de\/fahrradtouristen\/#breadcrumb"},"inLanguage":"de","potentialAction":[{"@type":"ReadAction","target":["https:\/\/www.feriebyenscamping.dk\/de\/fahrradtouristen\/"]}]},{"@type":"ImageObject","inLanguage":"de","@id":"https:\/\/www.feriebyenscamping.dk\/de\/fahrradtouristen\/#primaryimage","url":"https:\/\/www.feriebyenscamping.dk\/wp-content\/uploads\/2024\/01\/Cykelferie-paa-Stevns-Roedvig-Ferieby.webp","contentUrl":"https:\/\/www.feriebyenscamping.dk\/wp-content\/uploads\/2024\/01\/Cykelferie-paa-Stevns-Roedvig-Ferieby.webp","width":1600,"height":1067,"caption":"Feriebyens Camping i R\u00f8dvig I Ferie i natursk\u00f8nne omgivelser I T\u00e6t ved Stevns Klint"},{"@type":"BreadcrumbList","@id":"https:\/\/www.feriebyenscamping.dk\/de\/fahrradtouristen\/#breadcrumb","itemListElement":[{"@type":"ListItem","position":1,"name":"Hjem","item":"https:\/\/www.feriebyenscamping.dk\/de\/"},{"@type":"ListItem","position":2,"name":"Fahrradtouristen"}]},{"@type":"WebSite","@id":"https:\/\/www.feriebyenscamping.dk\/de\/#website","url":"https:\/\/www.feriebyenscamping.dk\/de\/","name":"Feriebyens Camping","description":"Camping i R\u00f8dvig I Stevns Klint","publisher":{"@id":"https:\/\/www.feriebyenscamping.dk\/de\/#organization"},"potentialAction":[{"@type":"SearchAction","target":{"@type":"EntryPoint","urlTemplate":"https:\/\/www.feriebyenscamping.dk\/de\/?s={search_term_string}"},"query-input":{"@type":"PropertyValueSpecification","valueRequired":true,"valueName":"search_term_string"}}],"inLanguage":"de"},{"@type":"Organization","@id":"https:\/\/www.feriebyenscamping.dk\/de\/#organization","name":"Feriebyens Camping","url":"https:\/\/www.feriebyenscamping.dk\/de\/","logo":{"@type":"ImageObject","inLanguage":"de","@id":"https:\/\/www.feriebyenscamping.dk\/de\/#\/schema\/logo\/image\/","url":"https:\/\/www.feriebyenscamping.dk\/wp-content\/uploads\/2022\/11\/RF-LOGO.png","contentUrl":"https:\/\/www.feriebyenscamping.dk\/wp-content\/uploads\/2022\/11\/RF-LOGO.png","width":700,"height":250,"caption":"Feriebyens Camping"},"image":{"@id":"https:\/\/www.feriebyenscamping.dk\/de\/#\/schema\/logo\/image\/"},"sameAs":["https:\/\/www.facebook.com\/roedvigferieby","https:\/\/www.instagram.com\/roedvigferieby\/"]}]}},"_links":{"self":[{"href":"https:\/\/www.feriebyenscamping.dk\/de\/wp-json\/wp\/v2\/pages\/7729","targetHints":{"allow":["GET"]}}],"collection":[{"href":"https:\/\/www.feriebyenscamping.dk\/de\/wp-json\/wp\/v2\/pages"}],"about":[{"href":"https:\/\/www.feriebyenscamping.dk\/de\/wp-json\/wp\/v2\/types\/page"}],"author":[{"embeddable":true,"href":"https:\/\/www.feriebyenscamping.dk\/de\/wp-json\/wp\/v2\/users\/1"}],"replies":[{"embeddable":true,"href":"https:\/\/www.feriebyenscamping.dk\/de\/wp-json\/wp\/v2\/comments?post=7729"}],"version-history":[{"count":5,"href":"https:\/\/www.feriebyenscamping.dk\/de\/wp-json\/wp\/v2\/pages\/7729\/revisions"}],"predecessor-version":[{"id":7736,"href":"https:\/\/www.feriebyenscamping.dk\/de\/wp-json\/wp\/v2\/pages\/7729\/revisions\/7736"}],"wp:featuredmedia":[{"embeddable":true,"href":"https:\/\/www.feriebyenscamping.dk\/de\/wp-json\/wp\/v2\/media\/5247"}],"wp:attachment":[{"href":"https:\/\/www.feriebyenscamping.dk\/de\/wp-json\/wp\/v2\/media?parent=7729"}],"curies":[{"name":"wp","href":"https:\/\/api.w.org\/{rel}","templated":true}]}}